
{"id":25361,"date":"2023-06-06T14:43:42","date_gmt":"2023-06-06T12:43:42","guid":{"rendered":"https:\/\/www.effektri.com\/?page_id=25361"},"modified":"2023-06-06T14:43:43","modified_gmt":"2023-06-06T12:43:43","slug":"mot-vart-team","status":"publish","type":"page","link":"https:\/\/www.effektri.com\/sv\/mot-vart-team\/","title":{"rendered":"M\u00f6t v\u00e5rt team"},"content":{"rendered":"\n<p>Bioactri BV, etablerat 2012, \u00e4r moderbolag till Effektri och Balanstri. V\u00e5ra grundare \u00e4r vetenskapsm\u00e4n fr\u00e5n Island, Norge och Nederl\u00e4nderna som har samarbetat i internationella vetenskapliga projekt fokuserade p\u00e5 livsmedelss\u00e4kerhet och h\u00e4lsa f\u00f6r m\u00e4nniskor och djur. Med en delad passion f\u00f6r innovation, livsmedelss\u00e4kerhet och h\u00e4lsa grundades Bioactri BV.&nbsp;<\/p>\n\n\n\n<p>Vetenskapen \u00e4r k\u00e4rnan i v\u00e5rt f\u00f6retag och i utvecklingen av v\u00e5ra kosttillskott. Alla v\u00e5ra kosttillskott har genomg\u00e5tt vetenskaplig validering f\u00f6r att s\u00e4kerst\u00e4lla deras effektivitet. V\u00e5rt m\u00e5l \u00e4r att tillhandah\u00e5lla innovativa produkter som fr\u00e4mjar b\u00e5de kortsiktigt och l\u00e5ngsiktigt m\u00e4nniskors och djurs h\u00e4lsa. Alla v\u00e5ra produkter, inklusive nya till\u00e4gg till v\u00e5rt sortiment, uppfyller de h\u00f6gsta kvalitetskraven. De tillverkas och f\u00f6rpackas i enlighet med farmaceutiska standarder, \u00e4r GMP+-certifierade och \u00e4r icke-GMO. Du kan hitta Effektri-produkter genom anslutna specialister, i utvalda butiker och fr\u00e5n veterin\u00e4rer.&nbsp;<\/p>\n\n\n\n<h4 class=\"gb-headline gb-headline-91f38c6d gb-headline-text\">Dr. Ola Eide <\/h4>\n\n\n\n<p>Dr. Ola Eide har en biokemi- och livsmedelsteknikexamen fr\u00e5n Norges tekniska universitet (NTNU) i Trondheim, Norge. Han har haft olika ledande befattningar, bland annat ordf\u00f6rande f\u00f6r ett betydande skandinaviskt forskningsprojekt om nutrition finansierat av Norges forskningsr\u00e5d och Nordisk Industrifond. P\u00e5 fritiden njuter Dr. Eide av l\u00e5nga fj\u00e4llvandringar i Norge och Spanien med sin hund Fido.&nbsp;<\/p>\n\n\n\n<h4 class=\"gb-headline gb-headline-c62c06ec gb-headline-text\">Dr. Harmen Hofstra <\/h4>\n\n\n\n<p>Dr. Harmen Hofstra avslutade sina studier i mikrobiologi och molekyl\u00e4r genetik vid universitetet i Groningen. Han doktorerade i medicin 1981. Efter sin doktorsexamen b\u00f6rjade Dr. Hofstra hos TNO, d\u00e4r han s\u00e5 sm\u00e5ningom blev chef f\u00f6r avdelningen f\u00f6r livsmedelsmikrobiologi. Fr\u00e5n 2002 var han direkt\u00f6r f\u00f6r &#8221;European Association for Food Safety&#8221; i Bryssel, ett samarbete som involverade mer \u00e4n 15 europeiska universitet och institut inom omr\u00e5det livsmedelss\u00e4kerhet.&nbsp;<\/p>\n\n\n\n<h4 class=\"gb-headline gb-headline-211a1d63 gb-headline-text\">Oddur Mar Gunnarson <\/h4>\n\n\n\n<p>Oddur Mar Gunnarson har studerat marinteknik vid Islands Marine Engineering College och produktionsteknik vid Odense Tekniska Universitet, Danmark. Efter sina studier ledde Oddur projekt f\u00f6r att fr\u00e4mja innovation inom livsmedel, jordbruk, fiske och bioteknik i Skandinavien och f\u00f6r Europeiska unionen. Med sin bakgrund inom vattenteknik och livsmedelsinnovation ger Oddur v\u00e4rdefulla insikter och r\u00e5d om nya produkter f\u00f6r h\u00e4star och hundar.&nbsp;<\/p>\n\n\n\n<h4 class=\"gb-headline gb-headline-8c52910a gb-headline-text\">Dr. Linda Saga <\/h4>\n\n\n\n<p>Dr. Linda Saga fortsatte sina studier i matvetenskap vid Norges milj\u00f8- og biovitenskapelige universitet (NMBU) och avslutade sin doktorsexamen i samma f\u00e4lt. Efter studierna arbetade hon som forsknings- och utvecklingschef p\u00e5 Bioactive Foods AS d\u00e4r hon bidrog till utvecklingen av DBS-hemtestet och omega-3-oljan under Ola Eide&nbsp;<\/p>\n\n\n\n<h4 class=\"gb-headline gb-headline-f490b8c0 gb-headline-text\">Janneke Hofstra, BComm<\/h4>\n\n\n\n<p>Janneke Hofstra \u00e4r dotter till en av grundarna. Hon har avslutat sina HEAO Communication-studier och har haft olika kommersiella positioner. 2013 kom Janneke in i f\u00f6retaget, och hon har veterin\u00e4rgrenen Effektri och senare Effektri och ut\u00f6kade produktsortimentet med andra veterin\u00e4ra fodertillskott.&nbsp;<\/p>\n","protected":false},"excerpt":{"rendered":"<p>Bioactri BV, etablerat 2012, \u00e4r moderbolag till Effektri och Balanstri. V\u00e5ra grundare \u00e4r vetenskapsm\u00e4n fr\u00e5n Island, Norge och Nederl\u00e4nderna som har samarbetat i internationella vetenskapliga projekt fokuserade p\u00e5 livsmedelss\u00e4kerhet och h\u00e4lsa f\u00f6r m\u00e4nniskor och djur. Med en delad passion f\u00f6r innovation, livsmedelss\u00e4kerhet och h\u00e4lsa grundades Bioactri BV.&nbsp; Vetenskapen \u00e4r k\u00e4rnan i v\u00e5rt f\u00f6retag och i &#8230; <\/p>\n<p class=\"read-more-container\"><a title=\"M\u00f6t v\u00e5rt team\" class=\"read-more button\" href=\"https:\/\/www.effektri.com\/sv\/mot-vart-team\/#more-25361\" aria-label=\"Mer p\u00e5 M\u00f6t v\u00e5rt team\">Lees meer<\/a><\/p>\n","protected":false},"author":2,"featured_media":0,"parent":0,"menu_order":0,"comment_status":"closed","ping_status":"open","template":"","meta":{"_acf_changed":false,"inline_featured_image":false,"footnotes":""},"class_list":{"0":"post-25361","1":"page","2":"type-page","3":"status-publish","5":"infinite-scroll-item"},"acf":[],"_links":{"self":[{"href":"https:\/\/www.effektri.com\/sv\/wp-json\/wp\/v2\/pages\/25361","targetHints":{"allow":["GET"]}}],"collection":[{"href":"https:\/\/www.effektri.com\/sv\/wp-json\/wp\/v2\/pages"}],"about":[{"href":"https:\/\/www.effektri.com\/sv\/wp-json\/wp\/v2\/types\/page"}],"author":[{"embeddable":true,"href":"https:\/\/www.effektri.com\/sv\/wp-json\/wp\/v2\/users\/2"}],"replies":[{"embeddable":true,"href":"https:\/\/www.effektri.com\/sv\/wp-json\/wp\/v2\/comments?post=25361"}],"version-history":[{"count":2,"href":"https:\/\/www.effektri.com\/sv\/wp-json\/wp\/v2\/pages\/25361\/revisions"}],"predecessor-version":[{"id":25391,"href":"https:\/\/www.effektri.com\/sv\/wp-json\/wp\/v2\/pages\/25361\/revisions\/25391"}],"wp:attachment":[{"href":"https:\/\/www.effektri.com\/sv\/wp-json\/wp\/v2\/media?parent=25361"}],"curies":[{"name":"wp","href":"https:\/\/api.w.org\/{rel}","templated":true}]}}